{"id":1416,"date":"2021-12-14T18:43:46","date_gmt":"2021-12-14T18:43:46","guid":{"rendered":"https:\/\/www.himmelreichhof.com\/datenschutz\/"},"modified":"2022-02-12T20:17:32","modified_gmt":"2022-02-12T20:17:32","slug":"direttiva-privacy","status":"publish","type":"page","link":"https:\/\/www.himmelreichhof.com\/it\/direttiva-privacy\/","title":{"rendered":"Direttiva privacy"},"content":{"rendered":"<div class=\"wpb-content-wrapper\"><p>[vc_row][vc_column][vc_column_text]<b>Responsabile per il contenuto \/ Informativa privacy:<\/b><\/p>\n<p>Nei prossimi capitoli potr\u00e0 trovare informazioni in merito alle modalit\u00e0 del trattamento dei suoi dati personali, dati che possono essere rilevati durante la navigazione Internet del nostro sito cos\u00ec come conseguenza dei servizi da noi offerti. Affinch\u00e9 lei possa usufruire di tutti i servizi offerti dal nostro sito web, \u00e8 necessario per noi rilevare e trattare i dati personali a lei riferiti. Il trattamento di dati personali riferito alla sua persona pu\u00f2 essere, a titolo indicativo ma non limitativo, qualsiasi tipo di attivit\u00e0 in merito al rilevamento, organizzazione, memorizzazione, analisi, interpretazione, modifica, scelta, selezione, confronto, utilizzo, collegamento, blocco, comunicazione, cancellazione e distruzione dei dati. Il trattamento dei dati personali a lei riferiti ha luogo nel rispetto dei principi della legalit\u00e0 e correttezza in ottemperanza delle disposizioni di legge in vigore e del Regolamento EU 2016\/679 del Parlamento Europeo e del Consiglio. In questa nota informativa sulla privacy \u00e8 nostra premura informarla sui dati che noi rileviamo, per quali motivi questo sia necessario e quali siano i suoi diritti in merito al trattamento dei suoi dati.<\/p>\n<p>&nbsp;<\/p>\n<p><strong>Responsabile del trattamento dei dati<\/strong><\/p>\n<p>Il responsabile del trattamento dei dati personali rilevati da questo sito \u00e8 Egon Tschurtschenthaler avente sede in Via S. Corbiniano 10, a San Candido 39038 (BZ), P.IVA 02379350214.<br \/>\nPer ottenere ulteriori informazioni ci pu\u00f2 contattare in qualsiasi momento ai seguenti recapiti:<br \/>\nTel +39 328 463 0312<br \/>\nE-Mail: himmelreichhof@gmail.com<\/p>\n<p>&nbsp;<\/p>\n<p><strong>Finalit\u00e1 del trattamento<\/strong><\/p>\n<p>Egon Tschurtschenthaler tratta dati per le seguenti finalit\u00e0:<\/p>\n<ul>\n<li>per l\u2019adempimento degli obblighi di legge<\/li>\n<li>per l\u2019adempimento derivante da obblighi contrattuali<\/li>\n<li>per potere metterle a disposizione le informazioni richieste e fornire i servizi concordati<\/li>\n<li>per l\u2019esamina dell\u2019efficienza del sistema<\/li>\n<li>per l\u2019attuazione di attivit\u00e0 di marketing come ad esempio l\u2019invio di informazioni commerciali, materiale pubblicitario e ricerche di mercato<\/li>\n<li>a tutela delle obbligazioni (ad esempio dei pagamenti)<\/li>\n<li>per il rilevamento del grado di soddisfazione riferito alla qualit\u00e0 dei prodotti e servizi offerti<\/li>\n<\/ul>\n<p>&nbsp;<\/p>\n<p><strong>Tipologia di trattamento<\/strong><\/p>\n<p>I suoi dati personali vengono trattati manualmente ma anche in via telematica ma principalmente grazie all\u2019ausilio di mezzi e processi automatizzati che sono affinati in base agli obiettivi preposti. In questo caso vengono utilizzate in modo particolare banche dati e piattaforma informatiche che possono essere gestite sia da noi come anche da parti terze. Ogni tipologia di trattamento garantisce il rispetto e la riservatezza dei dati trattati. Questi dati ed informazioni generali vengono salvate nei database e come logfiles nei server. Per poterle garantire esperienze di navigazione uniche, devono essere rilevati dei dati tecnici indispensabili al funzionamento come<\/p>\n<ul>\n<li>tipo e versione del browser utilizzato<\/li>\n<li>sistema operativo<\/li>\n<li>il sito web dal quale il sistema raggiunge il nostro sito web (i cosiddetti referrer)<\/li>\n<li>i sotto-siti web che il sistema raggiunge dal nostro sito web<\/li>\n<li>data e ora della visita del nostro sito<\/li>\n<li>indirizzo IP<\/li>\n<li>altri dati ed altre informazioni simili<\/li>\n<\/ul>\n<p>La base giuridica di questa tipologia di trattamento \u00e8 l\u2019Art. 6 del GDPR.<br \/>\nNel momento in cui ci si collega al sito internet, i sistemi informatici ed i software gestionali rilevano e\/o gestiscono in maniera automatica ed indiretta tutta una serie di dati e informazioni.<br \/>\nIl rilevamento di questi dati in formato anonimo, viene elaborato da Egon Tschurtschenthaler da un lato in forma statica ed in un secondo momento per essere trattati con il fine di migliorare il grado di protezione dei dati e della sicurezza con lo scopo di garantire un elevato grado di protezione dei dati personali da noi trattati.<br \/>\nI dati che vengono mandati tramite richiesta alla struttura alberghiera, vengono trattati anche da Egon Tschurtschenthaler. Il trattamento dei dati \u00e9 necessario per la trasmissione.<\/p>\n<p>&nbsp;<\/p>\n<p><strong>Periodo di conservazione dei dati<\/strong><\/p>\n<p>Nel rispetto delle leggi in vigore, il titolare del trattamento deve rispettare differenti periodi di conservazione dei dati indipendentemente dall\u2019utilizzo fatto:<\/p>\n<ul>\n<li>In merito alla gestione e al riscontro alle sue domande su prodotti e attivit\u00e0, i suoi dati personali verranno conservati per un periodo di tempo pari allo stretto necessario all\u2019elaborazione della sua richiesta.<\/li>\n<li>In merito alla gestione delle attivit\u00e0 legate alla navigazione sul nostro sito Internet, i suoi dati personali verranno conservati per un periodo di tempo, pari allo stretto necessario per adempiere alle richieste da lei inoltrate.<\/li>\n<li>In merito alla gestione ed esercizio nel rispetto degli obblighi di legge (per quanto concerne i tempi di conservazione di fatture, amministrazione, e dati fiscali) i suoi dati personali verranno trattati per un periodo pari alle scadenze previste a norma di legge.<\/li>\n<li>In merito alla gestione di controversie e contenziosi, i suoi dati personali saranno conservati per tutto il tempo strettamente necessario al perseguimento di tali finalit\u00e0 e, in ogni caso, non oltre i termini di prescrizione applicabili.<\/li>\n<\/ul>\n<p>&nbsp;<\/p>\n<p><b>Utilizzo di Cookies<\/b><br \/>\nPer migliorare costantemente la navigazione sul nostro sito web facciamo utilizzo di Cookies. I Cookies sono informazioni di testo, che durante la navigazione su un sito Internet vengono memorizzate nel Computer attraverso il Browser utilizzato. La memorizzazione di questi dati serve al riconoscimento degli accessi. Lei potr\u00e0 cancellare in qualsiasi momento, tramite le impostazioni del Browser utilizzato, i Cookies che vengono memorizzati e contestualmente impostare il Browser affinch\u00e9 i Cookies in futuro non vengano pi\u00fa memorizzati. Nel caso in cui lei dovesse optare per quest\u2019ultima scelta, non possiamo garantire un normale utilizzo del nostro sito ed alcuni servizi e funzioni potrebbero non essere pi\u00f9 usufruibili. Ulteriori informazioni sui Cookies e sul loro utilizzo le pu\u00f2 trovare qui oppure consultato l\u2019apposita sezione dedicata.<\/p>\n<p>&nbsp;<\/p>\n<p><b>Modulo di contatto<\/b><br \/>\nNel caso in cui avesse deciso di contattarci attraverso il modulo di contatto presente sul nostro sito web, \u00e8 necessario indicare alcuni dati personali al fine di potere trattare la richiesta da lei inoltrata. Questo \u00e8 anche il motivo per cui i rispettivi campi del modulo di contatto sono contrassegnati da un asterisco o in altra maniera come campi obbligatori. L\u2019inserimento di ulteriori dati personali e\/o sensibili rimane invece una sua scelta. Nel caso in cui dovesse tralasciare, anche solo in parte, l\u2019inserimento dei dati richiesti contrassegnati con un asterisco o un carattere simile, potrebbe comportare l\u2019impossibilit\u00e0 da parte nostra di adempiere alla prestazione e ai servizi richiesti. L\u2019invio della richiesta tramite il modulo di contatto \u00e8 contestualmente l\u2019accettazione al trattamento dei dati personali inviati. I dati da lei forniti, verranno trattati e memorizzati per un lasso di tempo pari a quello strettamente necessario, e non oltre, all\u2019elaborazione della richiesta inviataci.<\/p>\n<p><b>Profilazione<\/b><br \/>\nLa profilazione \u00e8 un qualsiasi tipo di elaborazione automatizzato di dati personali che consiste nell\u2019utilizzare tali informazioni personali per valutare, analizzare e prevedere determinati aspetti relativi a una persona fisica. Per questo tipo di marketing abbiamo concluso accordi con terze parti.<\/p>\n<p>&nbsp;<\/p>\n<p><b>Diffusione dei dati<\/b><br \/>\nI dati personali elaborati principalmente non vengono diffusi. Solo ed esclusivamente in determinati casi, potranno essere comunicati dati personali ai seguenti richiedenti:<\/p>\n<ul>\n<li>Subappaltatori per analisi e verifiche tecniche, pagamenti, servizi identificativi e di recapito, fornitori di analisi o agenzie di assicurazione del credito<\/li>\n<li>L\u2019amministrazione pubblica e le Autorit\u00e0, nel caso in cui sussista un obbligo di legge<\/li>\n<li>Istituti di credito con i quali intratteniamo rapporti commerciali per la gestione di crediti \/ debiti e con l\u2019intermediazione finanziaria<\/li>\n<li>qualsiasi persona fisica o giuridica, pubblica e \/ o privata (consulenza legale, amministrativa e tributaria, tribunali, camere di commercio, ecc.) se l\u2019inoltro dei dati risulta necessario o pertinente per lo svolgimento della nostra attivit\u00e0<\/li>\n<\/ul>\n<p>&nbsp;<\/p>\n<p><b>Diritti dell\u00b4interessato<\/b><br \/>\nI diritti dell\u2019interessato sopra esposti possono essere esercitati dallo stesso e\/o da persona da lui incaricata inviando una richiesta scritta a mezzo raccomandata A\/R e a mezzo di posta elettronica (mail) al titolare del trattamento Signore Egon Tschurtschenthaler presso la sede operativa in Via San Corbiniano 10 a San Candido 39038 (BZ), Italia. L\u2019interessato ha diritto ad ottenere una copia dei dati in nostro possesso che gli verranno messi a disposizione entro i termini previsti dalla norma in vigore.<br \/>\nIn determinati casi ci riserviamo di memorizzare alcune informazioni per scopi di legge (come ad esempio il sospetto di truffa e violazione dei termini condizioni generali). Nel momento in cui dovesse ritenere che i suoi diritti venissero lesi, ha il diritto di rivolgersi alle Autorit\u00e0 competenti in materia di protezione dei dati personali cos\u00ec come di adire le vie legali.<\/p>\n<p>Di seguito riassumiamo i diritti dell\u00b4interessato:<\/p>\n<ol type=\"a\">\n<li>Diritto alla conferma trattamento dati<br \/>\nOgni soggetto interessato ha il diritto di richiedere al titolare del trattamento dei dati personali di confermare se si verifichi un trattamento degli stessi. Se una persona interessata desiderasse avvalersi di questo diritto di conferma, pu\u00f2 contattarci in qualsiasi momento.<\/li>\n<li>Diritto all\u00b4informazione<br \/>\nOgni soggetto interessato ha il diritto di ottenere gratuitamente ed in qualsiasi momento informazioni sul trattamento dei dati relativi alla sua persona. La comunicazione dovr\u00e1 contenere le seguenti informazioni:<\/p>\n<ul>\n<li>le finalit\u00e1 del trattamento<\/li>\n<li>le tipologie di dati personali che vengono trattate<\/li>\n<li>i destinatari e\/o le categorie di destinatari ai quali possono essere diffusi o meno i dati personali trattati con particolare riferimento ed attenzione ai destinatari siti al di fuori dello SEE o ad organizzazioni internazionali. Inoltre, per quanto concerne la diffusione a Paesi extra SEE l\u2019interessato ha diritto ad avere informazioni integrative in merito alle garanzie di sicurezza del trattamento offerte<\/li>\n<li>il periodo di conservazione previsto per il trattamento e la conservazione dei dati personali<\/li>\n<li>la possibilit\u00e0 di avvalersi di un esposto alle Autorit\u00e0 competenti in materia di protezione dei dati personali<\/li>\n<li>nel caso in cui i dati personali non fossero stati assunti e gestito dall\u2019azienda, la possibilit\u00e0 di ottenere adeguate informazioni sulla loro provenienza e origine<\/li>\n<li>la possibilit\u00e0 che si verifichino decisioni automatizzate incluso anche quanto previsto dall\u00b4Art.\u00a022 comma\u00a01 e 4 del GDPR in tema di profilazione dei dati personali ed in questo caso di ottenere adeguate e supportate informazioni in merito alle logiche decisionali coinvolte e le possibili conseguenze che tale scelta possa comportare per la tutela dei diritti dell\u2019interessato.<\/li>\n<\/ul>\n<\/li>\n<li>Diritto alla rettifica dei dati personali<br \/>\nQualsiasi persona interessata dal trattamento di dati personali ha il diritto di chiedere la correzione immediata dei dati personali errati che li riguardano.<\/li>\n<li>Diritto alla cancellazione<br \/>\nQualsiasi persona interessata dal trattamento di dati personali ha il diritto di richiedere al titolare del trattamento di cancellare immediatamente i dati personali che lo riguardano, a condizione che almeno uno dei seguenti motivi sia soddisfatto e che l\u2019elaborazione dei dati personali non sia richiesta:<\/p>\n<ul>\n<li>I dati personali sono stati raccolti o elaborati in altro modo e non sono pi\u00f9 necessari.<\/li>\n<li>Il soggetto interessato revoca l\u2019autorizzazione al trattamento concessa in base al disposto dell\u2019Art.\u00a06 comma\u00a01 lettera\u00a0a) del GDPR o dell\u2019Art.\u00a09 comma\u00a02 lettera a) del GDPR ma anche nel caso in cui il trattamento dovesse essere in contrasto con ulteriori norme in materia di protezione dei dati.<\/li>\n<li>Il soggetto interessato presenta un\u2019opposizione al trattamento ai sensi dell\u2019Art.\u00a021, comma\u00a01, del GDPR e dimostra che non vi siano motivi legittimi per l\u2019elaborazione.<\/li>\n<li>Nel caso in cui i dati personali dovessero essere trattati in maniera non conforme<\/li>\n<li>La cancellazione dei dati personali \u00e8 richiesta per adempiere a un obbligo legale ai sensi del diritto dell\u2019Unione o di quello nazionale, a cui il titolare del trattamento \u00e8 soggetto.<\/li>\n<li>I dati personali sono stati trattati in merito alla richiesta di servizi da parte di minorenni in ottemperanza di quanto disposto dall\u00b4Art. 8 comma 1 del GDPR.<\/li>\n<\/ul>\n<\/li>\n<li>Diritto alla limitazione del trattamento<br \/>\nQualsiasi persona interessata dal trattamento di dati personali ha il diritto di richiedere al titolare del trattamento di limitare l\u2019elaborazione se sussiste una delle seguenti condizioni:<\/p>\n<ul>\n<li>L\u2019esattezza dei dati personali \u00e8 contestata dall\u2019interessato. La restrizione si applica a un periodo di tempo che consente alla persona responsabile di verificare l\u2019esattezza dei dati personali trattati.<\/li>\n<li>Il trattamento non \u00e8 conforme alle norme di legge in vigore, l\u2019interessato si rifiuta di cancellare i dati personali e richiede invece la limitazione dell\u2019uso dei dati personali.<\/li>\n<li>Il titolare del trattamento non ha pi\u00f9 bisogno dei dati personali ai fini del trattamento, ma l\u2019interessato necessita degli stessi per potere far valere, esercitare o difendere i propri diritti adendo le legali.<\/li>\n<li>La persona interessata ha contestato il trattamento in essere in base al disposto dell\u00b4Art.\u00a021 comma\u00a01 del GDPR e non \u00e8 ancora stato chiarito se le ragioni legittime del titolare del trattamento interessato siano superiori a quelle della persona interessata.<\/li>\n<\/ul>\n<\/li>\n<li>Diritto alla portabilit\u00e0 dei dati<br \/>\nQualsiasi persona interessata dal trattamento di dati personali ha il diritto di ricevere in formato strutturato, comune e leggibile da una macchina di elaborazione dati, i dati personali relativi al soggetto interessato e da lei messi a disposizione del titolare del trattamento. Il soggetto interessato ha inoltre il diritto di trasferire questi dati ad un altro titolare del trattamento senza impedimenti di alcune sorte da parte del titolare cedente.<br \/>\nInoltre, in base al contenuto dell\u00b4Art.\u00a020 comma\u00a01 del GDPR, il soggetto interessato dal trattamento di dati personali ha il diritto di pretendere che i dati vengano trasferiti dal titolare cedente direttamente al nuovo titolare ricevente fintantoch\u00e9 sia possibile individuare una soluzione tecnica comune alle parti e nel rispetto delle libert\u00e0 e diritti di eventuali parti terze coinvolte nel processo.<\/li>\n<li>Diritto all\u2019opposizione<br \/>\nOgni soggetto interessato dal trattamento dei dati personali ha il diritto di opporsi in qualsiasi momento al trattamento degli stessi per motivi derivanti dalla sua particolare posizione.<br \/>\nQuesto principio vale anche per una profilazione basata sulle disposizioni qui elencate.<br \/>\nNel caso in cui si verificasse una opposizione al trattamento dei dati, provvediamo a dismettere l\u00b4elaborazione dei dati personali, a meno che possiamo dimostrare valide ragioni per proseguire nell\u2019elaborazione, ragioni che prevalgono sugli interessi, i diritti e le libert\u00e0 dell\u2019interessato ma anche se il trattamento serve l\u2019affermazione, l\u2019esercizio o la difesa di rivendicazioni legali.<br \/>\nNel caso in cui dovessimo utilizzare l\u00b4elaborazione dei dati personali ai fini di marketing diretto, il soggetto interessato dal trattamento ha il diritto di opporsi in qualsiasi momento all\u00b4elaborazione del trattamento dei dati personali finalizzata a scopi di marketing diretto. Questa disposizione vale anche per quanto riguarda la profilazione, nel momento in cui questa venga sfruttata ai fini dell\u2019esercizio del marketing diretto.<\/li>\n<li>Decisioni automatizzate inclusa la profilazione<br \/>\nQualsiasi soggetto interessato dal trattamento di dati personali ha il diritto di opporsi a una decisione basata unicamente su un trattamento automatizzato, compresa la profilazione, che ha conseguenze ed effetti giuridici su di lui e che lo colpisce in modo significativo, a meno che la decisione non sia presa per concludere o adempiere ad un contratto tra la persona interessata e la persona titolare del trattamento.<br \/>\nSe la decisione di concludere o di adempiere a un contratto tra il soggetto interessato e il titolare del trattamento \u00e8 richiesta o \u00e8 stata fatta con il consenso esplicito dell\u2019interessato, prenderemo misure ragionevoli per salvaguardare i diritti e le libert\u00e0 dell\u00b4interessato.<\/li>\n<li>Diritto all\u2019opposizione di un consenso al trattamento dei dati<br \/>\nOgni soggetto interessato dal trattamento dei dati personali ha il diritto di revocare in qualsiasi momento il consenso dato al titolare del trattamento dei dati stessi.<\/li>\n<\/ol>\n<p>&nbsp;<\/p>\n<p><b>Luogo del trattamento dei dati personali<\/b><br \/>\nIl trattamento dei dati personali da lei conferiti avviene principalmente nei nostri stabilimenti e nei dipartimenti in cui si pu\u00f2 trovare il responsabile del trattamento dei dati. Le prestazioni contrattuali convenute avranno luogo esclusivamente in uno degli Stati membri dell\u2019Unione Europea oppure in uno Stato facente parte dell\u2019accordo sullo Spazio Economico Europeo.<br \/>\nQualsiasi trasferimento parziale o totale del servizio contrattualizzato in un paese terzo richiede il preventivo consenso del cliente e pu\u00f2 avvenire solo se sono soddisfatte le condizioni speciali di garanzia e sicurezza dei dati di cui agli Art.\u00a044 e seguenti del GDPR (come ad esempio Commissione sulla risoluzione di appropriatezza, clausole di protezione dei dati standard dell\u2019UE, codici di condotta approvati).<br \/>\nPer ulteriori informazioni si prega di contattarci agli indirizzi indicati nella sezione \u201cEditoria\u201d.<\/p>\n<p>&nbsp;<\/p>\n<p><b>Google Analytics<\/b><br \/>\nQuesto sito Internet fa utilizzo di Google Analytics, uno strumento di analisi e servizio sull\u00b4efficienza pubblicitaria di Google Inc. (\u201eGoogle\u201c). Google Analytics utilizza i cosiddetti \u201eCookies\u201c, piccoli file di testo che vengono salvati sul computer e che permettono una analisi del suo utilizzo della pagina Internet. Le informazioni sulla sua navigazione sul nostro sito internet e che vengono raccolte grazie all\u2019utilizzo dei Cookie (comprensivo dell\u2019indirizzo IP) vengono inviate ad un server in America dove vengono poi salvate. Google utilizzer\u00e0 le informazioni ricevute per analizzare la sua navigazione sul nostro sito internet, compilare report per gli operatori del sito web sulle attivit\u00e0 svolte sul sito stesso e fornire ulteriori servizi relativi alle attivit\u00e0 del sito web e all\u2019utilizzo di Internet. In determinati casi, Google pu\u00f2 anche trasferire queste informazioni a terzi, ad esempio se richiesto dalla legge o per quanto riguarda terze parti che elaborano questi dati per conto di Google. Il suo indirizzo IP non potr\u00e0 in nessun caso essere utilizzato da Google e utilizzato per scopi diversi da quelli sopra indicati. Con l\u2019utilizzo dei servizi di questo sito internet, il soggetto intestato acconsente a Google il trattamento dei dati che lo riguardano nei modi e per le finalit\u00e0 sopra indicate. Lei pu\u00f2 impedire l\u2019installazione dei Cookie con delle adeguate impostazioni del browser utilizzato per la navigazione; in questo caso dobbiamo avvertirla che la disattivazione die Cookie potrebbe limitare la qualit\u00e0 della navigazione del sito web cos\u00ec come il suo utilizzo. Per impedire a Google che i dati vengano raccolti ed elaborati nei modi sopra descritti, deve scaricare e poi installare i seguenti Plugin del browser utilizzato\u00a0<a title=\"https:\/\/tools.google.com\/dlpage\/gaoptout?hl=it\" href=\"https:\/\/tools.google.com\/dlpage\/gaoptout?hl=it\" target=\"_blank\" rel=\"noopener noreferrer\">https:\/\/tools.google.com\/dlpage\/gaoptout?hl=it<\/a>. Ulteriori informazioni sulle condizioni di utilizzo e sulla tutela dei dati da parte di Google Analytics le pu\u00f2 trovare consultando il link\u00a0<a title=\"https:\/\/www.google.com\/analytics\/terms\/it.html\" href=\"https:\/\/www.google.com\/analytics\/terms\/it.html\" target=\"_blank\" rel=\"noopener noreferrer\">https:\/\/www.google.com\/analytics\/terms\/it.html<\/a>\u00a0cos\u00ec come\u00a0<a title=\"https:\/\/support.google.com\/analytics\/answer\/6004245?hl=it\" href=\"https:\/\/support.google.com\/analytics\/answer\/6004245?hl=it\" target=\"_blank\" rel=\"noopener noreferrer\">https:\/\/support.google.com\/analytics\/answer\/6004245?hl=it<\/a>. Il sito internet utilizza Google Analytics con la modalit\u00e0 IP-Masking al fine di garantire che la raccolta degli indirizzi IP avvenga in maniera anonimizzata. Riteniamo opportuno precisare che utilizziamo Google Analytics per valutare ed analizzare i dati di AdWords a fini statistici e i Double-Click-Cookie. Nel caso in cui non gradisse questa impostazione, la pu\u00f2 disattivare in qualsiasi momento vistando il link\u00a0<a title=\"https:\/\/adssettings.google.com\/?hl=it\" href=\"https:\/\/adssettings.google.com\/?hl=it\" target=\"_blank\" rel=\"noopener noreferrer\">https:\/\/adssettings.google.com\/?hl=it<\/a>.<\/p>\n<p>&nbsp;<\/p>\n<p><b>Utilizzo di Google Ads, Google Tag Manager e Remarketing<\/b><br \/>\nQuesto sito utilizza i cookie per le campagne di remarketing al fine di re-indirizzare i visitatori in un secondo momento alla campagna pubblicitaria. Per questi annunci di remarketing, terze parti come Google utilizzano i cookie che sono stati ottenuti dalla navigazione del presente sito web. In qualit\u00e0 di soggetto interessato, lei ha la possibilit\u00e0 di disattivare questo tipo di cookie consultando il link\u00a0<a title=\"https:\/\/adssettings.google.com\/?hl=it\" href=\"https:\/\/adssettings.google.com\/?hl=it\" target=\"_blank\" rel=\"noopener noreferrer\">https:\/\/adssettings.google.com\/?hl=it<\/a>.<\/p>\n<p>&nbsp;<\/p>\n<p>&nbsp;<\/p>\n<p><b>YouTube<\/b><br \/>\nQuesto sito internet utilizza al fine di incorporare filmati video il provider di YouTube LLC, 901 Cherry Avenue, San Bruno, CA 94066, USA, rappresentato da Google Inc., 1600 Amphitheatre Parkway, Mountain View, CA 94043, USA. Normalmente, quando viene visitata una pagina avente incorporato video, memorizza in automatico il suo indirizzo IP che verr\u00e0 inviato a YouTube. In questo contesto vengono installati normalmente sul suo PC anche dei Cookie. Noi abbiamo incorporato filmati video di YouTube nel rispetto della normativa privacy ampliata. Anche in questo caso YouTube prende contatto con Google ma in base a quanto previsto dalla dichiarazione privacy di Google non vengono trattati dati personali. In questo modo non vengono memorizzate da YouTube informazioni aggiuntive sul visitatore fintantoch\u00e9 questo non prenda visione del video stesso. Nel caso in cui invece dovesse vedere il video, l\u2019indirizzo IP di navigazione verr\u00e0 trasmesso a YouTube ed in questo modo YouTube verr\u00e0 a conoscenza del fatto che lei ha preso visione del video. Fintantoch\u00e9 lei sar\u00e1 loggato a YouTube i dati di navigazione saranno riportati all\u2019interno del suo profilo personale. Noi non siamo in grado di fornirle ulteriori informazioni sulla potenziale raccolta dei dati e del trattamento da parte di YouTube. Ulteriori informazioni possono essere consultate al seguente link\u00a0<a title=\"www.google.de\/intl\/de\/policies\/privacy\/\" href=\"http:\/\/www.google.de\/intl\/de\/policies\/privacy\/\" target=\"_blank\" rel=\"noopener noreferrer\">www.google.de\/intl\/de\/policies\/privacy\/<\/a>.<\/p>\n<p>&nbsp;<\/p>\n<p><b>Google Fonts<\/b><br \/>\nQuesto sito web utilizza Web Fonts per una corretta visualizzazione die caratteri grafici che vengono messi a disposizione di Google. Quando viene caricato il nostro sito web, il suo browser carica le fonti web necessarie all\u2019interno dello spazio Cache del browser stesso affinch\u00e9 i caratteri grafici vengano correttamente visualizzati.<br \/>\nA tale fine, il browser da lei scelto dovr\u00e0 necessariamente connettersi ai server di Google che in questo modo verr\u00e0 a conoscenza del fatto che il suo indirizzo IP avr\u00e0 caricato il nostro sito web. L\u2019utilizzo delle Web Fonts di Google \u00e9 una conseguenza della volont\u00e0 di offrire una navigazione pulita e attraente. Questo rappresenta un interesse legittimo anche in base al contenuto dell\u00b4Art. 6 comma 1 lettera f) del GDPR. Ulteriori informazioni sull\u00b4utilizzo di Web Fonts pu\u00f3 trovarle al seguente link\u00a0<a title=\"https:\/\/developers.google.com\/fonts\/faq\" href=\"https:\/\/developers.google.com\/fonts\/faq\" target=\"_blank\" rel=\"noopener noreferrer\">https:\/\/developers.google.com\/fonts\/faq<\/a>\u00a0oppure consultando la nota informativa sul trattamento dei dati di Google al link\u00a0<a title=\"https:\/\/www.google.com\/policies\/privacy\/\" href=\"https:\/\/www.google.com\/policies\/privacy\/\" target=\"_blank\" rel=\"noopener noreferrer\">https:\/\/www.google.com\/policies\/privacy\/<\/a>.<\/p>\n<p>&nbsp;<\/p>\n<p><b>Certificato SSL<\/b><br \/>\nTrattiamo i dati personali raccolti sul sito web con strumenti informatici. I dati personali sono protetti tramite criptazione con la tecnologia Secure Socket Layer (SSL). Questa tecnologia protegge l\u2019utente dal rischio che possa inavvertitamente rivelare i propri dati personali \u00b4con l\u2019uso di una connessione non protetta.<br \/>\nL\u2019utente viene avvisato quando accede alla connessione protetta mediante l\u2019apparizione di una icona a forma di lucchetto. Cliccando sul simbolo del lucchetto, \u00e8 possibile verificare che il certificato SSL sia valido ed aggiornato.[\/vc_column_text][vc_empty_space][\/vc_column][\/vc_row]<\/p>\n<\/div>","protected":false},"excerpt":{"rendered":"<p>[vc_row][vc_column][vc_column_text]Responsabile per il contenuto \/ Informativa privacy: Nei prossimi capitoli potr\u00e0 trovare informazioni in merito alle modalit\u00e0 del trattamento dei suoi dati personali, dati che possono essere rilevati durante la navigazione Internet del nostro sito cos\u00ec come conseguenza dei servizi da noi offerti. Affinch\u00e9 lei possa usufruire di tutti i servizi offerti dal nostro sito<\/p>\n<a href=\"https:\/\/www.himmelreichhof.com\/it\/direttiva-privacy\/\" class=\"sohohotel-more-link\">Read More<i class=\"fa fa-angle-right\"><\/i><\/a>","protected":false},"author":1,"featured_media":0,"parent":0,"menu_order":0,"comment_status":"closed","ping_status":"closed","template":"","meta":{"footnotes":""},"class_list":["post-1416","page","type-page","status-publish","hentry"],"yoast_head":"<!-- This site is optimized with the Yoast SEO plugin v27.5 - https:\/\/yoast.com\/product\/yoast-seo-wordpress\/ -->\n<title>Direttiva privacy - Himmelreichhof.com<\/title>\n<meta name=\"description\" content=\"Direttiva privacy del sito www.himmelreichhof.com - Egon Tschurtschenthaler di San Candido.\" \/>\n<meta name=\"robots\" content=\"noindex, nofollow\" \/>\n<meta property=\"og:locale\" content=\"it_IT\" \/>\n<meta property=\"og:type\" content=\"article\" \/>\n<meta property=\"og:title\" content=\"Direttiva privacy - Himmelreichhof.com\" \/>\n<meta property=\"og:description\" content=\"Direttiva privacy del sito www.himmelreichhof.com - Egon Tschurtschenthaler di San Candido.\" \/>\n<meta property=\"og:url\" content=\"https:\/\/www.himmelreichhof.com\/it\/direttiva-privacy\/\" \/>\n<meta property=\"og:site_name\" content=\"Himmelreichhof\" \/>\n<meta property=\"article:modified_time\" content=\"2022-02-12T20:17:32+00:00\" \/>\n<meta property=\"og:image\" content=\"https:\/\/www.himmelreichhof.com\/wp-content\/uploads\/2021\/12\/haus-1.jpg\" \/>\n\t<meta property=\"og:image:width\" content=\"1792\" \/>\n\t<meta property=\"og:image:height\" content=\"1120\" \/>\n\t<meta property=\"og:image:type\" content=\"image\/jpeg\" \/>\n<meta name=\"twitter:card\" content=\"summary_large_image\" \/>\n<meta name=\"twitter:label1\" content=\"Tempo di lettura stimato\" \/>\n\t<meta name=\"twitter:data1\" content=\"20 minuti\" \/>\n<script type=\"application\/ld+json\" class=\"yoast-schema-graph\">{\"@context\":\"https:\\\/\\\/schema.org\",\"@graph\":[{\"@type\":\"WebPage\",\"@id\":\"https:\\\/\\\/www.himmelreichhof.com\\\/it\\\/direttiva-privacy\\\/\",\"url\":\"https:\\\/\\\/www.himmelreichhof.com\\\/it\\\/direttiva-privacy\\\/\",\"name\":\"Direttiva privacy - Himmelreichhof.com\",\"isPartOf\":{\"@id\":\"https:\\\/\\\/www.himmelreichhof.com\\\/it\\\/#website\"},\"datePublished\":\"2021-12-14T18:43:46+00:00\",\"dateModified\":\"2022-02-12T20:17:32+00:00\",\"description\":\"Direttiva privacy del sito www.himmelreichhof.com - Egon Tschurtschenthaler di San Candido.\",\"breadcrumb\":{\"@id\":\"https:\\\/\\\/www.himmelreichhof.com\\\/it\\\/direttiva-privacy\\\/#breadcrumb\"},\"inLanguage\":\"it-IT\",\"potentialAction\":[{\"@type\":\"ReadAction\",\"target\":[\"https:\\\/\\\/www.himmelreichhof.com\\\/it\\\/direttiva-privacy\\\/\"]}]},{\"@type\":\"BreadcrumbList\",\"@id\":\"https:\\\/\\\/www.himmelreichhof.com\\\/it\\\/direttiva-privacy\\\/#breadcrumb\",\"itemListElement\":[{\"@type\":\"ListItem\",\"position\":1,\"name\":\"Home\",\"item\":\"https:\\\/\\\/www.himmelreichhof.com\\\/it\\\/\"},{\"@type\":\"ListItem\",\"position\":2,\"name\":\"Direttiva privacy\"}]},{\"@type\":\"WebSite\",\"@id\":\"https:\\\/\\\/www.himmelreichhof.com\\\/it\\\/#website\",\"url\":\"https:\\\/\\\/www.himmelreichhof.com\\\/it\\\/\",\"name\":\"Himmelreichhof\",\"description\":\"My WordPress Blog\",\"publisher\":{\"@id\":\"https:\\\/\\\/www.himmelreichhof.com\\\/it\\\/#organization\"},\"potentialAction\":[{\"@type\":\"SearchAction\",\"target\":{\"@type\":\"EntryPoint\",\"urlTemplate\":\"https:\\\/\\\/www.himmelreichhof.com\\\/it\\\/?s={search_term_string}\"},\"query-input\":{\"@type\":\"PropertyValueSpecification\",\"valueRequired\":true,\"valueName\":\"search_term_string\"}}],\"inLanguage\":\"it-IT\"},{\"@type\":\"Organization\",\"@id\":\"https:\\\/\\\/www.himmelreichhof.com\\\/it\\\/#organization\",\"name\":\"Himmelreichhof Innichen - San Candido\",\"url\":\"https:\\\/\\\/www.himmelreichhof.com\\\/it\\\/\",\"logo\":{\"@type\":\"ImageObject\",\"inLanguage\":\"it-IT\",\"@id\":\"https:\\\/\\\/www.himmelreichhof.com\\\/it\\\/#\\\/schema\\\/logo\\\/image\\\/\",\"url\":\"https:\\\/\\\/www.himmelreichhof.com\\\/wp-content\\\/uploads\\\/2021\\\/12\\\/himmelreich-logo.jpg\",\"contentUrl\":\"https:\\\/\\\/www.himmelreichhof.com\\\/wp-content\\\/uploads\\\/2021\\\/12\\\/himmelreich-logo.jpg\",\"width\":324,\"height\":69,\"caption\":\"Himmelreichhof Innichen - San Candido\"},\"image\":{\"@id\":\"https:\\\/\\\/www.himmelreichhof.com\\\/it\\\/#\\\/schema\\\/logo\\\/image\\\/\"}}]}<\/script>\n<!-- \/ Yoast SEO plugin. -->","yoast_head_json":{"title":"Direttiva privacy - Himmelreichhof.com","description":"Direttiva privacy del sito www.himmelreichhof.com - Egon Tschurtschenthaler di San Candido.","robots":{"index":"noindex","follow":"nofollow"},"og_locale":"it_IT","og_type":"article","og_title":"Direttiva privacy - Himmelreichhof.com","og_description":"Direttiva privacy del sito www.himmelreichhof.com - Egon Tschurtschenthaler di San Candido.","og_url":"https:\/\/www.himmelreichhof.com\/it\/direttiva-privacy\/","og_site_name":"Himmelreichhof","article_modified_time":"2022-02-12T20:17:32+00:00","og_image":[{"width":1792,"height":1120,"url":"https:\/\/www.himmelreichhof.com\/wp-content\/uploads\/2021\/12\/haus-1.jpg","type":"image\/jpeg"}],"twitter_card":"summary_large_image","twitter_misc":{"Tempo di lettura stimato":"20 minuti"},"schema":{"@context":"https:\/\/schema.org","@graph":[{"@type":"WebPage","@id":"https:\/\/www.himmelreichhof.com\/it\/direttiva-privacy\/","url":"https:\/\/www.himmelreichhof.com\/it\/direttiva-privacy\/","name":"Direttiva privacy - Himmelreichhof.com","isPartOf":{"@id":"https:\/\/www.himmelreichhof.com\/it\/#website"},"datePublished":"2021-12-14T18:43:46+00:00","dateModified":"2022-02-12T20:17:32+00:00","description":"Direttiva privacy del sito www.himmelreichhof.com - Egon Tschurtschenthaler di San Candido.","breadcrumb":{"@id":"https:\/\/www.himmelreichhof.com\/it\/direttiva-privacy\/#breadcrumb"},"inLanguage":"it-IT","potentialAction":[{"@type":"ReadAction","target":["https:\/\/www.himmelreichhof.com\/it\/direttiva-privacy\/"]}]},{"@type":"BreadcrumbList","@id":"https:\/\/www.himmelreichhof.com\/it\/direttiva-privacy\/#breadcrumb","itemListElement":[{"@type":"ListItem","position":1,"name":"Home","item":"https:\/\/www.himmelreichhof.com\/it\/"},{"@type":"ListItem","position":2,"name":"Direttiva privacy"}]},{"@type":"WebSite","@id":"https:\/\/www.himmelreichhof.com\/it\/#website","url":"https:\/\/www.himmelreichhof.com\/it\/","name":"Himmelreichhof","description":"My WordPress Blog","publisher":{"@id":"https:\/\/www.himmelreichhof.com\/it\/#organization"},"potentialAction":[{"@type":"SearchAction","target":{"@type":"EntryPoint","urlTemplate":"https:\/\/www.himmelreichhof.com\/it\/?s={search_term_string}"},"query-input":{"@type":"PropertyValueSpecification","valueRequired":true,"valueName":"search_term_string"}}],"inLanguage":"it-IT"},{"@type":"Organization","@id":"https:\/\/www.himmelreichhof.com\/it\/#organization","name":"Himmelreichhof Innichen - San Candido","url":"https:\/\/www.himmelreichhof.com\/it\/","logo":{"@type":"ImageObject","inLanguage":"it-IT","@id":"https:\/\/www.himmelreichhof.com\/it\/#\/schema\/logo\/image\/","url":"https:\/\/www.himmelreichhof.com\/wp-content\/uploads\/2021\/12\/himmelreich-logo.jpg","contentUrl":"https:\/\/www.himmelreichhof.com\/wp-content\/uploads\/2021\/12\/himmelreich-logo.jpg","width":324,"height":69,"caption":"Himmelreichhof Innichen - San Candido"},"image":{"@id":"https:\/\/www.himmelreichhof.com\/it\/#\/schema\/logo\/image\/"}}]}},"_links":{"self":[{"href":"https:\/\/www.himmelreichhof.com\/it\/wp-json\/wp\/v2\/pages\/1416","targetHints":{"allow":["GET"]}}],"collection":[{"href":"https:\/\/www.himmelreichhof.com\/it\/wp-json\/wp\/v2\/pages"}],"about":[{"href":"https:\/\/www.himmelreichhof.com\/it\/wp-json\/wp\/v2\/types\/page"}],"author":[{"embeddable":true,"href":"https:\/\/www.himmelreichhof.com\/it\/wp-json\/wp\/v2\/users\/1"}],"replies":[{"embeddable":true,"href":"https:\/\/www.himmelreichhof.com\/it\/wp-json\/wp\/v2\/comments?post=1416"}],"version-history":[{"count":3,"href":"https:\/\/www.himmelreichhof.com\/it\/wp-json\/wp\/v2\/pages\/1416\/revisions"}],"predecessor-version":[{"id":1429,"href":"https:\/\/www.himmelreichhof.com\/it\/wp-json\/wp\/v2\/pages\/1416\/revisions\/1429"}],"wp:attachment":[{"href":"https:\/\/www.himmelreichhof.com\/it\/wp-json\/wp\/v2\/media?parent=1416"}],"curies":[{"name":"wp","href":"https:\/\/api.w.org\/{rel}","templated":true}]}}